{"id":333,"date":"2020-11-30T14:57:38","date_gmt":"2020-11-30T14:57:38","guid":{"rendered":"https:\/\/vorosistvan.hu\/vorosistvanwebaruhaz\/?post_type=product&#038;p=333"},"modified":"2021-01-13T16:06:59","modified_gmt":"2021-01-13T16:06:59","slug":"cd-melyfold-akusztikus-verziok","status":"publish","type":"product","link":"https:\/\/vorosistvan.hu\/vorosistvanwebaruhaz\/termek\/cd-melyfold-akusztikus-verziok\/","title":{"rendered":"CD M\u00e9lyf\u00f6ld &#8211; Akusztikus verzi\u00f3k"},"content":{"rendered":"<h3><span style=\"color: #c60606;\"><strong>V\u00d6R\u00d6S ISTV\u00c1N: M\u00e9lyf\u00f6ld \/ CD<\/strong><\/span><\/h3>\n<p><strong>2010 \u2013 VIP \u2013 CD\u00a0<\/strong><\/p>\n<p><em>Dalok:<\/em><\/p>\n<p>1. M\u00e9lyf\u00f6ld<br \/>\n2. K\u0151hegyek<br \/>\n3. Sz\u0171k nek\u00fcnk ez a v\u00e1ros<br \/>\n4. Nem v\u00e1rok, m\u00edg lemegy a nap<br \/>\n5. Egy\u00fctt is egyed\u00fcl vagyunk<br \/>\n6. A vadabbik \u00e9nem<br \/>\n7. Hajsza k\u00f6zben<br \/>\n8. Ellopott percek<br \/>\n9. T\u00fcrelem<br \/>\n10. Akaratos t\u00fcnd\u00e9r<br \/>\n11. Legbens\u0151bb \u00e9nem<br \/>\n12. Cs\u00f6rg\u0151t\u00e1nc<br \/>\n13. Szorul a hurok<br \/>\n14. Ny\u00e1ri \u00e9jszak\u00e1k<br \/>\n15. Hagyd, hogyha menni akar<br \/>\n16. Legal\u00e1bb egyszer<br \/>\n17. V\u00e9gre elrep\u00fclhet\u00fcnk<\/p>\n","protected":false},"excerpt":{"rendered":"<p>V\u00d6R\u00d6S ISTV\u00c1N: M\u00e9lyf\u00f6ld \/ CD 2010 \u2013 VIP \u2013 CD\u00a0 Dalok: 1. M\u00e9lyf\u00f6ld 2. K\u0151hegyek 3. Sz\u0171k nek\u00fcnk ez a v\u00e1ros 4. Nem v\u00e1rok, m\u00edg lemegy a nap 5. Egy\u00fctt is egyed\u00fcl vagyunk 6. A vadabbik \u00e9nem 7. Hajsza k\u00f6zben 8. Ellopott percek 9. T\u00fcrelem 10. Akaratos t\u00fcnd\u00e9r 11. Legbens\u0151bb \u00e9nem 12. Cs\u00f6rg\u0151t\u00e1nc 13. Szorul&hellip;&nbsp;<a href=\"https:\/\/vorosistvan.hu\/vorosistvanwebaruhaz\/termek\/cd-melyfold-akusztikus-verziok\/\" rel=\"bookmark\">Read More &raquo;<span class=\"screen-reader-text\">CD M\u00e9lyf\u00f6ld &#8211; Akusztikus verzi\u00f3k<\/span><\/a><\/p>\n","protected":false},"author":1,"featured_media":951,"comment_status":"closed","ping_status":"closed","template":"","meta":{"neve_meta_sidebar":"","neve_meta_container":"","neve_meta_enable_content_width":"off","neve_meta_content_width":0,"neve_meta_title_alignment":"","neve_meta_author_avatar":"","neve_post_elements_order":"","neve_meta_disable_header":"","neve_meta_disable_footer":"","neve_meta_disable_title":""},"product_brand":[],"product_cat":[22],"product_tag":[],"class_list":{"0":"post-333","1":"product","2":"type-product","3":"status-publish","4":"has-post-thumbnail","6":"product_cat-cd-lemezek","7":"product_shipping_class-cd","9":"first","10":"instock","11":"shipping-taxable","12":"purchasable","13":"product-type-simple"},"yoast_head":"<!-- This site is optimized with the Yoast SEO plugin v27.4 - https:\/\/yoast.com\/product\/yoast-seo-wordpress\/ -->\n<title>CD M\u00e9lyf\u00f6ld - Akusztikus verzi\u00f3k - V\u00f6r\u00f6s Istv\u00e1n web\u00e1ruh\u00e1z<\/title>\n<meta name=\"robots\" content=\"index, follow, max-snippet:-1, max-image-preview:large, max-video-preview:-1\" \/>\n<link rel=\"canonical\" href=\"https:\/\/vorosistvan.hu\/vorosistvanwebaruhaz\/termek\/cd-melyfold-akusztikus-verziok\/\" \/>\n<meta property=\"og:locale\" content=\"hu_HU\" \/>\n<meta property=\"og:type\" content=\"article\" \/>\n<meta property=\"og:title\" content=\"CD M\u00e9lyf\u00f6ld - Akusztikus verzi\u00f3k - V\u00f6r\u00f6s Istv\u00e1n web\u00e1ruh\u00e1z\" \/>\n<meta property=\"og:description\" content=\"V\u00d6R\u00d6S ISTV\u00c1N: M\u00e9lyf\u00f6ld \/ CD 2010 \u2013 VIP \u2013 CD\u00a0 Dalok: 1. M\u00e9lyf\u00f6ld 2. K\u0151hegyek 3. Sz\u0171k nek\u00fcnk ez a v\u00e1ros 4. Nem v\u00e1rok, m\u00edg lemegy a nap 5. Egy\u00fctt is egyed\u00fcl vagyunk 6. A vadabbik \u00e9nem 7. Hajsza k\u00f6zben 8. Ellopott percek 9. T\u00fcrelem 10. Akaratos t\u00fcnd\u00e9r 11. Legbens\u0151bb \u00e9nem 12. Cs\u00f6rg\u0151t\u00e1nc 13. Szorul&hellip;&nbsp;Read More &raquo;CD M\u00e9lyf\u00f6ld &#8211; Akusztikus verzi\u00f3k\" \/>\n<meta property=\"og:url\" content=\"https:\/\/vorosistvan.hu\/vorosistvanwebaruhaz\/termek\/cd-melyfold-akusztikus-verziok\/\" \/>\n<meta property=\"og:site_name\" content=\"V\u00f6r\u00f6s Istv\u00e1n web\u00e1ruh\u00e1z\" \/>\n<meta property=\"article:modified_time\" content=\"2021-01-13T16:06:59+00:00\" \/>\n<meta property=\"og:image\" content=\"https:\/\/vorosistvan.hu\/vorosistvanwebaruhaz\/wp-content\/uploads\/2020\/11\/018_melyfold.jpg\" \/>\n\t<meta property=\"og:image:width\" content=\"354\" \/>\n\t<meta property=\"og:image:height\" content=\"354\" \/>\n\t<meta property=\"og:image:type\" content=\"image\/jpeg\" \/>\n<meta name=\"twitter:card\" content=\"summary_large_image\" \/>\n<script type=\"application\/ld+json\" class=\"yoast-schema-graph\">{\"@context\":\"https:\\\/\\\/schema.org\",\"@graph\":[{\"@type\":\"WebPage\",\"@id\":\"https:\\\/\\\/vorosistvan.hu\\\/vorosistvanwebaruhaz\\\/termek\\\/cd-melyfold-akusztikus-verziok\\\/\",\"url\":\"https:\\\/\\\/vorosistvan.hu\\\/vorosistvanwebaruhaz\\\/termek\\\/cd-melyfold-akusztikus-verziok\\\/\",\"name\":\"CD M\u00e9lyf\u00f6ld - Akusztikus verzi\u00f3k - V\u00f6r\u00f6s Istv\u00e1n web\u00e1ruh\u00e1z\",\"isPartOf\":{\"@id\":\"https:\\\/\\\/vorosistvan.hu\\\/vorosistvanwebaruhaz\\\/#website\"},\"primaryImageOfPage\":{\"@id\":\"https:\\\/\\\/vorosistvan.hu\\\/vorosistvanwebaruhaz\\\/termek\\\/cd-melyfold-akusztikus-verziok\\\/#primaryimage\"},\"image\":{\"@id\":\"https:\\\/\\\/vorosistvan.hu\\\/vorosistvanwebaruhaz\\\/termek\\\/cd-melyfold-akusztikus-verziok\\\/#primaryimage\"},\"thumbnailUrl\":\"https:\\\/\\\/vorosistvan.hu\\\/vorosistvanwebaruhaz\\\/wp-content\\\/uploads\\\/2020\\\/11\\\/018_melyfold.jpg\",\"datePublished\":\"2020-11-30T14:57:38+00:00\",\"dateModified\":\"2021-01-13T16:06:59+00:00\",\"breadcrumb\":{\"@id\":\"https:\\\/\\\/vorosistvan.hu\\\/vorosistvanwebaruhaz\\\/termek\\\/cd-melyfold-akusztikus-verziok\\\/#breadcrumb\"},\"inLanguage\":\"hu\",\"potentialAction\":[{\"@type\":\"ReadAction\",\"target\":[\"https:\\\/\\\/vorosistvan.hu\\\/vorosistvanwebaruhaz\\\/termek\\\/cd-melyfold-akusztikus-verziok\\\/\"]}]},{\"@type\":\"ImageObject\",\"inLanguage\":\"hu\",\"@id\":\"https:\\\/\\\/vorosistvan.hu\\\/vorosistvanwebaruhaz\\\/termek\\\/cd-melyfold-akusztikus-verziok\\\/#primaryimage\",\"url\":\"https:\\\/\\\/vorosistvan.hu\\\/vorosistvanwebaruhaz\\\/wp-content\\\/uploads\\\/2020\\\/11\\\/018_melyfold.jpg\",\"contentUrl\":\"https:\\\/\\\/vorosistvan.hu\\\/vorosistvanwebaruhaz\\\/wp-content\\\/uploads\\\/2020\\\/11\\\/018_melyfold.jpg\",\"width\":354,\"height\":354},{\"@type\":\"BreadcrumbList\",\"@id\":\"https:\\\/\\\/vorosistvan.hu\\\/vorosistvanwebaruhaz\\\/termek\\\/cd-melyfold-akusztikus-verziok\\\/#breadcrumb\",\"itemListElement\":[{\"@type\":\"ListItem\",\"position\":1,\"name\":\"Kezd\u0151lap\",\"item\":\"https:\\\/\\\/vorosistvan.hu\\\/vorosistvanwebaruhaz\\\/\"},{\"@type\":\"ListItem\",\"position\":2,\"name\":\"TERM\u00c9KEK\",\"item\":\"https:\\\/\\\/vorosistvan.hu\\\/vorosistvanwebaruhaz\\\/termekek\\\/\"},{\"@type\":\"ListItem\",\"position\":3,\"name\":\"CD M\u00e9lyf\u00f6ld &#8211; Akusztikus verzi\u00f3k\"}]},{\"@type\":\"WebSite\",\"@id\":\"https:\\\/\\\/vorosistvan.hu\\\/vorosistvanwebaruhaz\\\/#website\",\"url\":\"https:\\\/\\\/vorosistvan.hu\\\/vorosistvanwebaruhaz\\\/\",\"name\":\"V\u00f6r\u00f6s Istv\u00e1n web\u00e1ruh\u00e1z\",\"description\":\"\",\"potentialAction\":[{\"@type\":\"SearchAction\",\"target\":{\"@type\":\"EntryPoint\",\"urlTemplate\":\"https:\\\/\\\/vorosistvan.hu\\\/vorosistvanwebaruhaz\\\/?s={search_term_string}\"},\"query-input\":{\"@type\":\"PropertyValueSpecification\",\"valueRequired\":true,\"valueName\":\"search_term_string\"}}],\"inLanguage\":\"hu\"}]}<\/script>\n<!-- \/ Yoast SEO plugin. -->","yoast_head_json":{"title":"CD M\u00e9lyf\u00f6ld - Akusztikus verzi\u00f3k - V\u00f6r\u00f6s Istv\u00e1n web\u00e1ruh\u00e1z","robots":{"index":"index","follow":"follow","max-snippet":"max-snippet:-1","max-image-preview":"max-image-preview:large","max-video-preview":"max-video-preview:-1"},"canonical":"https:\/\/vorosistvan.hu\/vorosistvanwebaruhaz\/termek\/cd-melyfold-akusztikus-verziok\/","og_locale":"hu_HU","og_type":"article","og_title":"CD M\u00e9lyf\u00f6ld - Akusztikus verzi\u00f3k - V\u00f6r\u00f6s Istv\u00e1n web\u00e1ruh\u00e1z","og_description":"V\u00d6R\u00d6S ISTV\u00c1N: M\u00e9lyf\u00f6ld \/ CD 2010 \u2013 VIP \u2013 CD\u00a0 Dalok: 1. M\u00e9lyf\u00f6ld 2. K\u0151hegyek 3. Sz\u0171k nek\u00fcnk ez a v\u00e1ros 4. Nem v\u00e1rok, m\u00edg lemegy a nap 5. Egy\u00fctt is egyed\u00fcl vagyunk 6. A vadabbik \u00e9nem 7. Hajsza k\u00f6zben 8. Ellopott percek 9. T\u00fcrelem 10. Akaratos t\u00fcnd\u00e9r 11. Legbens\u0151bb \u00e9nem 12. Cs\u00f6rg\u0151t\u00e1nc 13. Szorul&hellip;&nbsp;Read More &raquo;CD M\u00e9lyf\u00f6ld &#8211; Akusztikus verzi\u00f3k","og_url":"https:\/\/vorosistvan.hu\/vorosistvanwebaruhaz\/termek\/cd-melyfold-akusztikus-verziok\/","og_site_name":"V\u00f6r\u00f6s Istv\u00e1n web\u00e1ruh\u00e1z","article_modified_time":"2021-01-13T16:06:59+00:00","og_image":[{"width":354,"height":354,"url":"https:\/\/vorosistvan.hu\/vorosistvanwebaruhaz\/wp-content\/uploads\/2020\/11\/018_melyfold.jpg","type":"image\/jpeg"}],"twitter_card":"summary_large_image","schema":{"@context":"https:\/\/schema.org","@graph":[{"@type":"WebPage","@id":"https:\/\/vorosistvan.hu\/vorosistvanwebaruhaz\/termek\/cd-melyfold-akusztikus-verziok\/","url":"https:\/\/vorosistvan.hu\/vorosistvanwebaruhaz\/termek\/cd-melyfold-akusztikus-verziok\/","name":"CD M\u00e9lyf\u00f6ld - Akusztikus verzi\u00f3k - V\u00f6r\u00f6s Istv\u00e1n web\u00e1ruh\u00e1z","isPartOf":{"@id":"https:\/\/vorosistvan.hu\/vorosistvanwebaruhaz\/#website"},"primaryImageOfPage":{"@id":"https:\/\/vorosistvan.hu\/vorosistvanwebaruhaz\/termek\/cd-melyfold-akusztikus-verziok\/#primaryimage"},"image":{"@id":"https:\/\/vorosistvan.hu\/vorosistvanwebaruhaz\/termek\/cd-melyfold-akusztikus-verziok\/#primaryimage"},"thumbnailUrl":"https:\/\/vorosistvan.hu\/vorosistvanwebaruhaz\/wp-content\/uploads\/2020\/11\/018_melyfold.jpg","datePublished":"2020-11-30T14:57:38+00:00","dateModified":"2021-01-13T16:06:59+00:00","breadcrumb":{"@id":"https:\/\/vorosistvan.hu\/vorosistvanwebaruhaz\/termek\/cd-melyfold-akusztikus-verziok\/#breadcrumb"},"inLanguage":"hu","potentialAction":[{"@type":"ReadAction","target":["https:\/\/vorosistvan.hu\/vorosistvanwebaruhaz\/termek\/cd-melyfold-akusztikus-verziok\/"]}]},{"@type":"ImageObject","inLanguage":"hu","@id":"https:\/\/vorosistvan.hu\/vorosistvanwebaruhaz\/termek\/cd-melyfold-akusztikus-verziok\/#primaryimage","url":"https:\/\/vorosistvan.hu\/vorosistvanwebaruhaz\/wp-content\/uploads\/2020\/11\/018_melyfold.jpg","contentUrl":"https:\/\/vorosistvan.hu\/vorosistvanwebaruhaz\/wp-content\/uploads\/2020\/11\/018_melyfold.jpg","width":354,"height":354},{"@type":"BreadcrumbList","@id":"https:\/\/vorosistvan.hu\/vorosistvanwebaruhaz\/termek\/cd-melyfold-akusztikus-verziok\/#breadcrumb","itemListElement":[{"@type":"ListItem","position":1,"name":"Kezd\u0151lap","item":"https:\/\/vorosistvan.hu\/vorosistvanwebaruhaz\/"},{"@type":"ListItem","position":2,"name":"TERM\u00c9KEK","item":"https:\/\/vorosistvan.hu\/vorosistvanwebaruhaz\/termekek\/"},{"@type":"ListItem","position":3,"name":"CD M\u00e9lyf\u00f6ld &#8211; Akusztikus verzi\u00f3k"}]},{"@type":"WebSite","@id":"https:\/\/vorosistvan.hu\/vorosistvanwebaruhaz\/#website","url":"https:\/\/vorosistvan.hu\/vorosistvanwebaruhaz\/","name":"V\u00f6r\u00f6s Istv\u00e1n web\u00e1ruh\u00e1z","description":"","potentialAction":[{"@type":"SearchAction","target":{"@type":"EntryPoint","urlTemplate":"https:\/\/vorosistvan.hu\/vorosistvanwebaruhaz\/?s={search_term_string}"},"query-input":{"@type":"PropertyValueSpecification","valueRequired":true,"valueName":"search_term_string"}}],"inLanguage":"hu"}]}},"_links":{"self":[{"href":"https:\/\/vorosistvan.hu\/vorosistvanwebaruhaz\/wp-json\/wp\/v2\/product\/333","targetHints":{"allow":["GET"]}}],"collection":[{"href":"https:\/\/vorosistvan.hu\/vorosistvanwebaruhaz\/wp-json\/wp\/v2\/product"}],"about":[{"href":"https:\/\/vorosistvan.hu\/vorosistvanwebaruhaz\/wp-json\/wp\/v2\/types\/product"}],"author":[{"embeddable":true,"href":"https:\/\/vorosistvan.hu\/vorosistvanwebaruhaz\/wp-json\/wp\/v2\/users\/1"}],"replies":[{"embeddable":true,"href":"https:\/\/vorosistvan.hu\/vorosistvanwebaruhaz\/wp-json\/wp\/v2\/comments?post=333"}],"wp:featuredmedia":[{"embeddable":true,"href":"https:\/\/vorosistvan.hu\/vorosistvanwebaruhaz\/wp-json\/wp\/v2\/media\/951"}],"wp:attachment":[{"href":"https:\/\/vorosistvan.hu\/vorosistvanwebaruhaz\/wp-json\/wp\/v2\/media?parent=333"}],"wp:term":[{"taxonomy":"product_brand","embeddable":true,"href":"https:\/\/vorosistvan.hu\/vorosistvanwebaruhaz\/wp-json\/wp\/v2\/product_brand?post=333"},{"taxonomy":"product_cat","embeddable":true,"href":"https:\/\/vorosistvan.hu\/vorosistvanwebaruhaz\/wp-json\/wp\/v2\/product_cat?post=333"},{"taxonomy":"product_tag","embeddable":true,"href":"https:\/\/vorosistvan.hu\/vorosistvanwebaruhaz\/wp-json\/wp\/v2\/product_tag?post=333"}],"curies":[{"name":"wp","href":"https:\/\/api.w.org\/{rel}","templated":true}]}}